{"id":37975,"date":"2025-09-24T11:58:19","date_gmt":"2025-09-24T09:58:19","guid":{"rendered":"https:\/\/www.interninow.it\/shop\/senza-categoria\/boa\/"},"modified":"2025-09-24T12:03:20","modified_gmt":"2025-09-24T10:03:20","slug":"boa","status":"publish","type":"product","link":"https:\/\/www.interninow.it\/it\/negozio\/sofa\/boa\/","title":{"rendered":"Boa"},"content":{"rendered":"<h3 data-start=\"237\" data-end=\"294\">Edra Boa \u2013 Divano icona del design italiano contemporaneo<\/h3>\n<p data-start=\"296\" data-end=\"582\">Il divano Boa di Edra, creato dai fratelli Campana, \u00e8 una delle icone pi\u00f9 riconoscibili del design italiano contemporaneo. Realizzato con 120 metri di tubi di velluto intrecciati a mano, Boa \u00e8 al tempo stesso una scultura e un divano, unendo arte, design e comfort in un modo unico. <\/p>\n<p data-start=\"584\" data-end=\"895\">La sua forma generosa offre una seduta morbida e avvolgente, dove ci si pu\u00f2 rilassare in totale libert\u00e0, sdraiandosi o lasciandosi accogliere dalla struttura intrecciata. Pi\u00f9 che un semplice arredo, Boa \u00e8 un oggetto interattivo, uno spazio di convivialit\u00e0, intimit\u00e0 e creativit\u00e0, ammirato in tutto il mondo per originalit\u00e0 e fascino senza tempo. <\/p>\n<p data-start=\"897\" data-end=\"1172\">Disponibile su ordinazione in un\u2019ampia gamma di colori e tessuti, il divano Boa non \u00e8 in pronta consegna ma viene realizzato su richiesta, garantendo esclusivit\u00e0 e possibilit\u00e0 di personalizzazione. Un vero statement piece che incarna la filosofia Edra di artigianalit\u00e0, innovazione e sperimentazione artistica. <\/p>\n<h3 data-start=\"1174\" data-end=\"1209\">Perch\u00e9 scegliere il divano Boa di Edra?<\/h3>\n<ul data-start=\"1210\" data-end=\"1462\">\n<li data-start=\"1210\" data-end=\"1255\">\n<p data-start=\"1212\" data-end=\"1255\">Disegnata dai fratelli Campana per Edra<\/p>\n<\/li>\n<li data-start=\"1256\" data-end=\"1304\">\n<p data-start=\"1258\" data-end=\"1304\">Realizzato con 120 metri di tubi di velluto intrecciati a mano<\/p>\n<\/li>\n<li data-start=\"1305\" data-end=\"1358\">\n<p data-start=\"1307\" data-end=\"1358\">Forma scultorea e iconica, a met\u00e0 tra divano e opera d\u2019arte<\/p>\n<\/li>\n<li data-start=\"1359\" data-end=\"1408\">\n<p data-start=\"1361\" data-end=\"1408\">Seduta ampia e avvolgente per relax totale<\/p>\n<\/li>\n<li data-start=\"1409\" data-end=\"1462\">\n<p data-start=\"1411\" data-end=\"1462\">Disponibile su ordinazione in diversi tessuti e colori<\/p>\n<\/li>\n<\/ul>\n","protected":false},"excerpt":{"rendered":"<h3 data-start=\"237\" data-end=\"294\">Edra Boa \u2013 Divano icona del design italiano contemporaneo<\/h3>\n<p data-start=\"296\" data-end=\"582\">Il divano Boa di Edra, creato dai fratelli Campana, \u00e8 una delle icone pi\u00f9 riconoscibili del design italiano contemporaneo. Realizzato con 120 metri di tubi di velluto intrecciati a mano, Boa \u00e8 al tempo stesso una scultura e un divano, unendo arte, design e comfort in un modo unico. <\/p>\n<p data-start=\"584\" data-end=\"895\">La sua forma generosa offre una seduta morbida e avvolgente, dove ci si pu\u00f2 rilassare in totale libert\u00e0, sdraiandosi o lasciandosi accogliere dalla struttura intrecciata. Pi\u00f9 che un semplice arredo, Boa \u00e8 un oggetto interattivo, uno spazio di convivialit\u00e0, intimit\u00e0 e creativit\u00e0, ammirato in tutto il mondo per originalit\u00e0 e fascino senza tempo. <\/p>\n<p data-start=\"897\" data-end=\"1172\">Disponibile su ordinazione in un\u2019ampia gamma di colori e tessuti, il divano Boa non \u00e8 in pronta consegna ma viene realizzato su richiesta, garantendo esclusivit\u00e0 e possibilit\u00e0 di personalizzazione. Un vero statement piece che incarna la filosofia Edra di artigianalit\u00e0, innovazione e sperimentazione artistica. <\/p>\n<h3 data-start=\"1174\" data-end=\"1209\">Perch\u00e9 scegliere il divano Boa di Edra?<\/h3>\n<ul data-start=\"1210\" data-end=\"1462\">\n<li data-start=\"1210\" data-end=\"1255\">\n<p data-start=\"1212\" data-end=\"1255\">Disegnata dai fratelli Campana per Edra<\/p>\n<\/li>\n<li data-start=\"1256\" data-end=\"1304\">\n<p data-start=\"1258\" data-end=\"1304\">Realizzato con 120 metri di tubi di velluto intrecciati a mano<\/p>\n<\/li>\n<li data-start=\"1305\" data-end=\"1358\">\n<p data-start=\"1307\" data-end=\"1358\">Forma scultorea e iconica, a met\u00e0 tra divano e opera d\u2019arte<\/p>\n<\/li>\n<li data-start=\"1359\" data-end=\"1408\">\n<p data-start=\"1361\" data-end=\"1408\">Seduta ampia e avvolgente per relax totale<\/p>\n<\/li>\n<li data-start=\"1409\" data-end=\"1462\">\n<p data-start=\"1411\" data-end=\"1462\">Disponibile su ordinazione in diversi tessuti e colori<\/p>\n<\/li>\n<\/ul>\n","protected":false},"featured_media":37969,"template":"","meta":[],"product_brand":[],"product_cat":[545],"product_tag":[541],"brand":[288],"class_list":{"0":"post-37975","1":"product","2":"type-product","3":"status-publish","4":"has-post-thumbnail","6":"product_cat-sofa","7":"product_tag-a-catalogo","8":"brand-edra-it","10":"first","11":"instock","12":"shipping-taxable","13":"purchasable","14":"product-type-simple"},"_links":{"self":[{"href":"https:\/\/www.interninow.it\/it\/wp-json\/wp\/v2\/product\/37975","targetHints":{"allow":["GET"]}}],"collection":[{"href":"https:\/\/www.interninow.it\/it\/wp-json\/wp\/v2\/product"}],"about":[{"href":"https:\/\/www.interninow.it\/it\/wp-json\/wp\/v2\/types\/product"}],"version-history":[{"count":0,"href":"https:\/\/www.interninow.it\/it\/wp-json\/wp\/v2\/product\/37975\/revisions"}],"wp:featuredmedia":[{"embeddable":true,"href":"https:\/\/www.interninow.it\/it\/wp-json\/wp\/v2\/media\/37969"}],"wp:attachment":[{"href":"https:\/\/www.interninow.it\/it\/wp-json\/wp\/v2\/media?parent=37975"}],"wp:term":[{"taxonomy":"product_brand","embeddable":true,"href":"https:\/\/www.interninow.it\/it\/wp-json\/wp\/v2\/product_brand?post=37975"},{"taxonomy":"product_cat","embeddable":true,"href":"https:\/\/www.interninow.it\/it\/wp-json\/wp\/v2\/product_cat?post=37975"},{"taxonomy":"product_tag","embeddable":true,"href":"https:\/\/www.interninow.it\/it\/wp-json\/wp\/v2\/product_tag?post=37975"},{"taxonomy":"brand","embeddable":true,"href":"https:\/\/www.interninow.it\/it\/wp-json\/wp\/v2\/brand?post=37975"}],"curies":[{"name":"wp","href":"https:\/\/api.w.org\/{rel}","templated":true}]}}