{"id":24447,"date":"2023-03-31T11:51:30","date_gmt":"2023-03-31T09:51:30","guid":{"rendered":"https:\/\/www.intnow.it\/shop\/senza-categoria\/ines\/"},"modified":"2025-09-24T10:40:28","modified_gmt":"2025-09-24T08:40:28","slug":"ines","status":"publish","type":"product","link":"https:\/\/www.interninow.it\/it\/negozio\/luci\/ines\/","title":{"rendered":"Ines"},"content":{"rendered":"<h3 data-start=\"279\" data-end=\"329\">Edra Ines \u2013 Lampada di design italiano contemporaneo<\/h3>\n<p data-start=\"331\" data-end=\"614\">La lampada Ines di Edra, disegnata da Jacopo Foggini, \u00e8 una presenza luminosa e scultorea che racchiude l\u2019essenza del design italiano contemporaneo. Pensata come qualcosa di pi\u00f9 di una semplice fonte di luce, Ines trasforma gli interni con la sua forma poetica, creando un\u2019atmosfera calda ed evocativa. <\/p>\n<p data-start=\"616\" data-end=\"968\">Ogni pezzo \u00e8 realizzato artigianalmente, risultando sempre unico. La sua forma fluida e raffinata riflette la ricerca artistica e l\u2019artigianalit\u00e0 che caratterizzano la filosofia di Edra. Elegante e versatile, Ines si inserisce con naturalezza in soggiorni, lounge, camere da letto e interni esclusivi, diventando non solo un elemento di illuminazione ma anche una dichiarazione decorativa.  <\/p>\n<p data-start=\"970\" data-end=\"1234\">Prodotta su ordinazione, la lampada Ines garantisce esclusivit\u00e0 e possibilit\u00e0 di personalizzazione, arricchendo gli interni con originalit\u00e0 ed eleganza senza tempo. \u00c8 un oggetto di design che trasforma la luce in emozione, confermando il ruolo di Edra come protagonista del design italiano artistico e innovativo. <\/p>\n<h3 data-start=\"1236\" data-end=\"1272\">Perch\u00e9 scegliere la lampada Ines di Edra?<\/h3>\n<ul data-start=\"1273\" data-end=\"1502\">\n<li data-start=\"1273\" data-end=\"1312\">\n<p data-start=\"1275\" data-end=\"1312\">Disegnata da Jacopo Foggini per Edra<\/p>\n<\/li>\n<li data-start=\"1313\" data-end=\"1368\">\n<p data-start=\"1315\" data-end=\"1368\">Lampada scultorea dalla presenza luminosa e poetica<\/p>\n<\/li>\n<li data-start=\"1369\" data-end=\"1409\">\n<p data-start=\"1371\" data-end=\"1409\">Ogni pezzo \u00e8 artigianale e unico<\/p>\n<\/li>\n<li data-start=\"1410\" data-end=\"1458\">\n<p data-start=\"1412\" data-end=\"1458\">Oggetto decorativo e fonte di luce allo stesso tempo<\/p>\n<\/li>\n<li data-start=\"1459\" data-end=\"1502\">\n<p data-start=\"1461\" data-end=\"1502\">Icona senza tempo del design Made in Italy<\/p>\n<\/li>\n<\/ul>\n","protected":false},"excerpt":{"rendered":"<h3 data-start=\"279\" data-end=\"329\">Edra Ines \u2013 Lampada di design italiano contemporaneo<\/h3>\n<p data-start=\"331\" data-end=\"614\">La lampada Ines di Edra, disegnata da Jacopo Foggini, \u00e8 una presenza luminosa e scultorea che racchiude l\u2019essenza del design italiano contemporaneo. Pensata come qualcosa di pi\u00f9 di una semplice fonte di luce, Ines trasforma gli interni con la sua forma poetica, creando un\u2019atmosfera calda ed evocativa. <\/p>\n<p data-start=\"616\" data-end=\"968\">Ogni pezzo \u00e8 realizzato artigianalmente, risultando sempre unico. La sua forma fluida e raffinata riflette la ricerca artistica e l\u2019artigianalit\u00e0 che caratterizzano la filosofia di Edra. Elegante e versatile, Ines si inserisce con naturalezza in soggiorni, lounge, camere da letto e interni esclusivi, diventando non solo un elemento di illuminazione ma anche una dichiarazione decorativa.  <\/p>\n<p data-start=\"970\" data-end=\"1234\">Prodotta su ordinazione, la lampada Ines garantisce esclusivit\u00e0 e possibilit\u00e0 di personalizzazione, arricchendo gli interni con originalit\u00e0 ed eleganza senza tempo. \u00c8 un oggetto di design che trasforma la luce in emozione, confermando il ruolo di Edra come protagonista del design italiano artistico e innovativo. <\/p>\n<h3 data-start=\"1236\" data-end=\"1272\">Perch\u00e9 scegliere la lampada Ines di Edra?<\/h3>\n<ul data-start=\"1273\" data-end=\"1502\">\n<li data-start=\"1273\" data-end=\"1312\">\n<p data-start=\"1275\" data-end=\"1312\">Disegnata da Jacopo Foggini per Edra<\/p>\n<\/li>\n<li data-start=\"1313\" data-end=\"1368\">\n<p data-start=\"1315\" data-end=\"1368\">Lampada scultorea dalla presenza luminosa e poetica<\/p>\n<\/li>\n<li data-start=\"1369\" data-end=\"1409\">\n<p data-start=\"1371\" data-end=\"1409\">Ogni pezzo \u00e8 artigianale e unico<\/p>\n<\/li>\n<li data-start=\"1410\" data-end=\"1458\">\n<p data-start=\"1412\" data-end=\"1458\">Oggetto decorativo e fonte di luce allo stesso tempo<\/p>\n<\/li>\n<li data-start=\"1459\" data-end=\"1502\">\n<p data-start=\"1461\" data-end=\"1502\">Icona senza tempo del design Made in Italy<\/p>\n<\/li>\n<\/ul>\n","protected":false},"featured_media":37913,"template":"","meta":[],"product_brand":[],"product_cat":[544],"product_tag":[541],"brand":[288],"class_list":{"0":"post-24447","1":"product","2":"type-product","3":"status-publish","4":"has-post-thumbnail","6":"product_cat-luci","7":"product_tag-a-catalogo","8":"brand-edra-it","10":"first","11":"instock","12":"shipping-taxable","13":"purchasable","14":"product-type-simple"},"_links":{"self":[{"href":"https:\/\/www.interninow.it\/it\/wp-json\/wp\/v2\/product\/24447","targetHints":{"allow":["GET"]}}],"collection":[{"href":"https:\/\/www.interninow.it\/it\/wp-json\/wp\/v2\/product"}],"about":[{"href":"https:\/\/www.interninow.it\/it\/wp-json\/wp\/v2\/types\/product"}],"version-history":[{"count":0,"href":"https:\/\/www.interninow.it\/it\/wp-json\/wp\/v2\/product\/24447\/revisions"}],"wp:featuredmedia":[{"embeddable":true,"href":"https:\/\/www.interninow.it\/it\/wp-json\/wp\/v2\/media\/37913"}],"wp:attachment":[{"href":"https:\/\/www.interninow.it\/it\/wp-json\/wp\/v2\/media?parent=24447"}],"wp:term":[{"taxonomy":"product_brand","embeddable":true,"href":"https:\/\/www.interninow.it\/it\/wp-json\/wp\/v2\/product_brand?post=24447"},{"taxonomy":"product_cat","embeddable":true,"href":"https:\/\/www.interninow.it\/it\/wp-json\/wp\/v2\/product_cat?post=24447"},{"taxonomy":"product_tag","embeddable":true,"href":"https:\/\/www.interninow.it\/it\/wp-json\/wp\/v2\/product_tag?post=24447"},{"taxonomy":"brand","embeddable":true,"href":"https:\/\/www.interninow.it\/it\/wp-json\/wp\/v2\/brand?post=24447"}],"curies":[{"name":"wp","href":"https:\/\/api.w.org\/{rel}","templated":true}]}}